{"id":2797,"date":"2018-12-14T13:56:52","date_gmt":"2018-12-14T12:56:52","guid":{"rendered":"https:\/\/www.space-aero.org\/?page_id=2797"},"modified":"2021-09-03T09:47:46","modified_gmt":"2021-09-03T07:47:46","slug":"datenschutzgrundverordnung","status":"publish","type":"page","link":"https:\/\/www.space-aero.org\/de\/datenschutzgrundverordnung\/","title":{"rendered":"Datenschutzgrundverordnung"},"content":{"rendered":"[vc_row][vc_column][vc_column_text]<span style=\"font-family: arial, helvetica, sans-serif; font-size: 14px; color: #333333;\"><strong>Datenschutzerkl\u00e4rung<\/strong><\/span>[\/vc_column_text][\/vc_column][\/vc_row][vc_row][vc_column][vc_column_text]\n<pre><span style=\"font-family: arial, helvetica, sans-serif; font-size: 14px; color: #333333;\"><strong>Datenschutzerkl\u00e4rung<\/strong>\r\nDie Beachtung der Bestimmungen der Datenschutz-Grundverordnung des Bundesdatenschutzgesetzes ist f\u00fcr uns eine Selbstverst\u00e4ndlichkeit. Unsere technischen und organisatorischen Ma\u00dfnahmen erf\u00fcllen die gesetzl. Datenschutzvorschriften. Bitte lesen Sie unsere Datenschutzerkl\u00e4rung.\r\n<\/span>\r\n<span style=\"font-family: arial, helvetica, sans-serif; font-size: 14px; color: #333333;\"><strong>Personenbezogene Daten <\/strong>Personenbezogene Daten sind Informationen zu Ihrer Identit\u00e4t z.B. Angaben wie Name, Adresse, Telefonnummer, E-Mail-Adresse. F\u00fcr die Nutzung unserer Internetseite ist es nicht erforderlich, dass Sie personenbezogene Daten preisgeben m\u00fcssen. Wir erheben aktiv keine personenbezogenen Informationen, die als sensible personenbezogene Informationen gelten. Sofern Sie Service-Leistungen in Anspruch nehmen, werden in der Regel nur solche Daten erhoben, die wir zur Erbringung der Leistungen ben\u00f6tigen. Soweit wir Sie um weitergehende Daten bitten, handelt es sich um freiwillige Informationen. Die Verarbeitung personenbezogener Daten erfolgt ausschlie\u00dflich zur Erf\u00fcllung des nachgefragten Service.<\/span>\r\n\r\n<span style=\"font-family: arial, helvetica, sans-serif; font-size: 14px; color: #333333;\"><strong>Zweckbestimmung<\/strong> Die von Ihnen zur Verf\u00fcgung gestellten personenbezogenen Daten verwenden wir ausschlie\u00dflich, um Ihre Anfragen zu beantworten, Ihnen Zugang zu bestimmten Informationen des SCE A Deutschland e.V. zu verschaffen oder um Ihnen sonstige Informationen aus der Luft- und Raumfahrt zu senden. Sofern Sie diesen Service nicht nutzen m\u00f6chten, k\u00f6nnen Sie sich jederzeit von diesem Service abmelden. Nutzen Sie dazu die Kontaktangaben am Ende der Datenschutzerkl\u00e4rung\/ Impressum.<\/span>\r\n\r\n<span style=\"font-family: arial, helvetica, sans-serif; font-size: 14px; color: #333333;\"><strong>Zweckbindung <\/strong>Wir werden die von Ihnen zur Verf\u00fcgung gestellten personenbezogenen Daten nur f\u00fcr die von Ihnen mitgeteilten Zwecke erheben, verarbeiten und nutzen. Eine Weitergabe Ihrer personenbezogenen Daten an Dritte erfolgt nicht ohne Ihre Einwilligung. Erhebungen von personenbezogenen Daten sowie deren \u00dcbermittlung an auskunftsberechtigte staatliche Institutionen und Beh\u00f6rden erfolgen nur im Rahmen der einschl\u00e4gigen Gesetze bzw. sofern wir durch eine gerichtliche Entscheidung dazu verpflichtet sind. Wir und die von uns beauftragten Dienstleistungsunternehmen sind von uns zur Verschwiegenheit und zur Einhaltung der Bestimmungen der Datenschutz-Grundverordnung des Bundesdatenschutzgesetzes verpflichtet.<\/span>\r\n\r\n<span style=\"font-family: arial, helvetica, sans-serif; font-size: 14px; color: #333333;\"><strong>Auftragsdatenverarbeitung<\/strong> Im Allgemeinen handeln wir verantwortlich f\u00fcr die Verarbeitung Ihrer Informationen; im Rahmen bestimmter Veranstaltungen oder Dienstleistungen werden f\u00fcr die Erbringung Verarbeitungsdienste in Bezug auf Informationen, Dienstleister beauftragt, diese werden durch einen datenschutzkonformen Auftragsdatenverarbeitungsvertrag verpflichtet.<\/span>\r\n\r\n<span style=\"font-family: arial, helvetica, sans-serif; font-size: 14px; color: #333333;\"><strong>Daten<\/strong> Bei der Nutzung unserer Internetseiten werden aus organisatorischen und technischen Gr\u00fcnden folgende Daten gespeichert: die Namen der aufgerufenen Seiten, des verwendeten Browsers und des Betriebssystems, Datum und Uhrzeit des Zugangs, verwendete Suchmaschinen, Namen heruntergeladener Dateien und ihre IP-Adresse. Wir werten diese technischen Daten anonym und lediglich zu statistischen Zwecken aus, um unseren Internetauftritt st\u00e4ndig weiter zu optimieren. Diese anonymen Daten werden getrennt von personenbezogenen Informationen auf gesicherten Systemen gespeichert und lassen keine R\u00fcckschl\u00fcsse auf eine individuelle Person zu.<\/span>\r\n\r\n<span style=\"font-family: arial, helvetica, sans-serif; font-size: 14px; color: #333333;\"><strong>Cookies <\/strong>Wenn Sie unsere Website besuchen, kann es sein, dass wir Informationen in Form eines Cookies auf Ihrem Computer ablegen. Dabei werden keinerlei pers\u00f6nliche Daten des Nutzers gespeichert, sondern nur die Internetprotokoll\u2013Adresse. Selbstverst\u00e4ndlich k\u00f6nnen Sie unsere Websites auch ohne Cookies betrachten. Wenn Sie nicht m\u00f6chten, dass wir Ihren Computer wiedererkennen, k\u00f6nnen Sie das Speichern von Cookies auf Ihrer Festplatte verhindern, indem Sie in Ihren Browser-Einstellungen \u201ekeine Cookies akzeptieren\u201c w\u00e4hlen. Wie das im Einzelnen funktioniert, entnehmen Sie bitte der Anleitung Ihres Browser-Herstellers.<\/span>\r\n\r\n<span style=\"font-family: arial, helvetica, sans-serif; font-size: 14px; color: #333333;\"><strong>Kinder und Jugendliche<\/strong> Personen unter 18 Jahren sollten ohne Zustimmung der Erziehungsberechtigten keine personenbezogenen Daten an uns \u00fcbermitteln. Wissentlich erheben wir keine Daten von Minderj\u00e4hrigen. Sollten Erziehungsberechtigte davon Kenntnis erhalten, wenden Sie sich bitte an uns per E-Mail: office@space-aero.de. Wir werden diese Daten datenschutzkonform entfernen.<\/span>\r\n\r\n<span style=\"font-family: arial, helvetica, sans-serif; font-size: 14px; color: #333333;\"><strong>Sicherheit <\/strong>Wir haben technische und organisatorische Sicherheitsma\u00dfnahmen getroffen, um Ihre personenbezogenen Daten vor Verlust, Zerst\u00f6rung, Manipulation und unberechtigten Zugriff zu sch\u00fctzen. Unser Team und alle an der Datenverarbeitung beteiligten Dritten sind auf das Datengeheimnis und Einhaltung der g\u00fcltigen Datenschutzrichtlinien verpflichtet. Um einem Missbrauch der Daten durch Dritte vorzubeugen, werden unsere Sicherungsma\u00dfnahmen entsprechend der technologischen Entwicklung fortlaufend \u00fcberarbeitet.<\/span>\r\n\r\n<span style=\"font-family: arial, helvetica, sans-serif; font-size: 14px; color: #333333;\"><strong>Hosting <\/strong>Die von uns in Anspruch genommenen Hosting-Leistungen dienen der Zurverf\u00fcgungstellung der folgenden Leistungen: Infrastruktur- und Plattformdienstleistungen, Rechenkapazit\u00e4t, Speicherplatz und Datenbankdienste, Sicherheitsleistungen sowie technische Wartungsleistungen, die wir zum Zwecke des Betriebs dieses Onlineangebotes einsetzen. Hierbei verarbeiten wir, bzw. unser Hostinganbieter Bestandsdaten, Kontaktdaten, Inhaltsdaten, Vertragsdaten, Nutzungsdaten, Meta- und Kommunikationsdaten von Kunden, Interessenten und Besuchern dieses Onlineangebotes auf Grundlage unserer berechtigten Interessen an einer effizienten und sicheren Zurverf\u00fcgungstellung dieses Onlineangebotes gem. Art. 6 Abs. 1 lit. f DSGVO i.V.m. Art. 28 DSGVO (Abschluss Auftragsverarbeitungsvertrag).<\/span>\r\n\r\n<span style=\"font-family: arial, helvetica, sans-serif; font-size: 14px; color: #333333;\"><strong>Erhebung von Zugriffsdaten und Logfiles <\/strong>Wir bzw. unser Hostinganbieter erhebt auf Grundlage unserer berechtigten Interessen im Sinne des Art. 6 Abs. 1 lit. f. DSGVO Daten \u00fcber jeden Zugriff auf den Server, auf dem sich dieser Dienst befindet (sogenannte Serverlogfiles). Zu den Zugriffsdaten geh\u00f6ren Name der abgerufenen Webseite, Datei, Datum und Uhrzeit des Abrufs, \u00fcbertragene Datenmenge, Meldung \u00fcber erfolgreichen Abruf, Browsertyp nebst Version, das Betriebssystem des Nutzers, Referrer URL (die zuvor besuchte Seite), IP-Adresse und der anfragende Provider. Logfile-Informationen werden aus Sicherheitsgr\u00fcnden (z.B. zur Aufkl\u00e4rung von Missbrauchs- oder Betrugshandlungen) f\u00fcr die Dauer von maximal 7 Tagen gespeichert und danach gel\u00f6scht. Daten, deren weitere Aufbewahrung zu Beweiszwecken erforderlich ist, sind bis zur endg\u00fcltigen Kl\u00e4rung des jeweiligen Vorfalls von der L\u00f6schung ausgenommen.<\/span>\r\n\r\n<span style=\"font-family: arial, helvetica, sans-serif; font-size: 14px; color: #333333;\"><strong>Onlinepr\u00e4senzen in sozialen Medien<\/strong> Im Rahmen unserer Internetseiten bieten wir externe Links an, unsere Datenschutzerkl\u00e4rung erstreckt sich nicht auf diese Links. Wir haben keinen Einfluss auf die Datenschutzeinhaltung und Sicherheitsbestimmungen anderer Anbieter. Informieren Sie sich deshalb bitte auf den Internetseiten der Anbieter \u00fcber die dort bereitgestellten Datenschutzerkl\u00e4rungen. Wir unterhalten Onlinepr\u00e4senzen innerhalb sozialer Netzwerke und Plattformen, um mit den Interessenten und Nutzern zu kommunizieren und sie dort \u00fcber die Luft- und Raumfahrtindustrie zu informieren. Beim Aufruf der jeweiligen Netzwerke und Plattformen gelten die Gesch\u00e4ftsbedingungen und die Datenverarbeitungsrichtlinien deren jeweiligen Betreiber. Soweit nicht anders im Rahmen unserer Datenschutzerkl\u00e4rung angegeben, verarbeiten wir die Daten der Nutzer sofern diese mit uns innerhalb der sozialen Netzwerke und Plattformen kommunizieren, z.B. Beitr\u00e4ge auf unseren Onlinepr\u00e4senzen verfassen oder uns Nachrichten zusenden.<\/span>\r\n\r\n<span style=\"font-family: arial, helvetica, sans-serif; font-size: 14px; color: #333333;\"><strong>LinkedIn <\/strong>Innerhalb unseres Onlineangebotes k\u00f6nnen Funktionen und Inhalte des Dienstes LinkedIn eingebunden, angeboten durch die LinkedIn AG, Dammtorstra\u00dfe 29-32, 20354 Hamburg, Deutschland. Hierzu k\u00f6nnen z.B. Inhalte wie Bilder, Videos oder Texte und Schaltfl\u00e4chen geh\u00f6ren, mit denen Nutzer Ihr Gefallen betreffend die Inhalte kundtun, den Verfassern der Inhalte oder unsere Beitr\u00e4ge abonnieren k\u00f6nnen. Sofern die Nutzer Mitglieder der Plattform LinkedIn sind, kann LinkedIn den Aufruf der o.g. Inhalte und Funktionen den dortigen Profilen der Nutzer zuordnen. Datenschutzerkl\u00e4rung von LinkedIn:\u00a0<a style=\"color: #333333;\" href=\"https:\/\/www.linkedin.com\/legal\/privacy-policy\">https:\/\/www.linkedin.com\/legal\/privacy-policy.<\/a>. LinkedIn ist unter dem Privacy-Shield-Abkommen zertifiziert und bietet hierdurch eine Garantie, das europ\u00e4ische Datenschutzrecht einzuhalten (<a style=\"color: #333333;\" href=\"https:\/\/www.privacyshield.gov\/participant?id=a2zt0000000L0UZAA0&amp;status=Active\">https:\/\/www.privacyshield.gov\/participant?id=a2zt0000000L0UZAA0&amp;status=Active<\/a>). Datenschutzerkl\u00e4rung: https:\/\/twitter.com\/de\/privacy, Opt-Out:\u00a0<a style=\"color: #333333;\" href=\"https:\/\/www.linkedin.com\/psettings\/guest-controls\/retargeting-opt-out\">https:\/\/www.linkedin.com\/psettings\/guest-controls\/retargeting-opt-out<\/a>.<\/span>\r\n\r\n<span style=\"font-family: arial, helvetica, sans-serif; font-size: 14px; color: #333333;\"><strong>Youtube<\/strong> Wir binden die Videos der Plattform \u201cYouTube\u201d des Anbieters Google LLC, 1600 Amphitheatre Parkway, Mountain View, CA 94043, USA, ein. Datenschutzerkl\u00e4rung:\u00a0<a style=\"color: #333333;\" href=\"https:\/\/www.google.com\/policies\/privacy\/\">https:\/\/www.google.com\/policies\/privacy\/<\/a>, Opt-Out:\u00a0<a style=\"color: #333333;\" href=\"https:\/\/adssettings.google.com\/authenticated\">https:\/\/adssettings.google.com\/authenticated<\/a>.<\/span>\r\n\r\n<span style=\"font-family: arial, helvetica, sans-serif; font-size: 14px; color: #333333;\"><strong>Google Maps<\/strong>\u00a0Wir binden die Landkarten des Dienstes \u201cGoogle Maps\u201d des Anbieters Google LLC, 1600 Amphitheatre Parkway, Mountain View, CA 94043, USA, ein. Datenschutzerkl\u00e4rung:\u00a0<a style=\"color: #333333;\" href=\"https:\/\/www.google.com\/policies\/privacy\/\">https:\/\/www.google.com\/policies\/privacy\/<\/a>, Opt-Out:\u00a0<a style=\"color: #333333;\" href=\"https:\/\/adssettings.google.com\/authenticated\">https:\/\/adssettings.google.com\/authenticated<\/a>.<\/span>\r\n\r\n<span style=\"font-family: arial, helvetica, sans-serif; font-size: 14px; color: #333333;\"><strong>Auskunftsreccht <\/strong>Sie k\u00f6nnen jederzeit Auskunft \u00fcber die von Ihnen gespeicherten Daten bekommen:<\/span>\r\n<span style=\"font-family: arial, helvetica, sans-serif; font-size: 14px; color: #333333;\">SCE A Deutschland e.V., Friedrichstr. 60, 10117 Berlin oder senden Sie eine E-Mail an <a style=\"color: #333333;\">ela.rabe@space-aero.de<\/a><\/span>\r\n<span style=\"font-family: arial, helvetica, sans-serif; color: #333333; font-size: 14px;\"><strong>Widerspruchsrecht <\/strong>Ihre Zustimmung zur Erhebung und Speicherung Ihrer personenbezogenen Daten k\u00f6nnen Sie jederzeit widerrufen. Anschrift: SCE A Deutschland e.V., Friedrichstr. 60, 10117 Berlin oder E-Mail <a style=\"color: #333333;\">ela.rabe@space-aero.de<\/a><\/span>\r\n<span style=\"font-family: arial, helvetica, sans-serif; color: #333333; font-size: 14px;\">\r\n<strong>\u00c4nderung unserer Datenschutzbestimmungen <\/strong>Wir behalten uns das Recht vor, unsere Sicherheits- und Datenschutzma\u00dfnahmen anzupassen, soweit dies wegen der technischen Entwicklung erforderlich wird. Bitte beachten Sie daher die jeweils aktuelle Version unserer Datenschutzerkl\u00e4rung. Wenn Sie nicht mit den Bedingungen dieser Datenschutzerkl\u00e4rung oder einer ge\u00e4nderten Fassung dieser Datenschutzerkl\u00e4rung einverstanden sind, besteht Ihre einzige Abhilfe darin, die Nutzung unserer Webseiten einzustellen.<\/span>\r\n\r\n<span style=\"font-family: arial, helvetica, sans-serif; font-size: 14px; color: #333333;\"><strong>Fragen, Anregungen, Beschwerden <\/strong>Bei weitergehenden Fragen zu unseren Datenschutzhinweisen und zur Verarbeitung Ihrer pers\u00f6nlichen Daten, wenden Sie sich bitte direkt an unsere Datenschutzbeauftragte. Sie steht Ihnen auch im Falle von Auskunftsersuchen oder bei Beschwerden als Ansprechpartnerin zur Verf\u00fcgung.<\/span>\r\n\r\n<span style=\"font-family: arial, helvetica, sans-serif; font-size: 14px; color: #333333;\">SCE A Deutschland e.V. | Friedrichstr. 60 - 10117 Berlin<\/span>\r\n<span style=\"font-family: arial, helvetica, sans-serif; font-size: 14px; color: #333333;\">E-Mail: <a style=\"color: #333333;\">ela.rabe@space-aero.de<\/a><\/span>\r\n<span style=\"font-family: arial, helvetica, sans-serif; font-size: 14px; color: #333333;\">Bei der Kontaktaufnahme mit uns (z.B. per Kontaktformular, E-Mail, Telefon oder via sozialer Medien) werden die Angaben des Nutzers zur Bearbeitung der Kontaktanfrage und deren Abwicklung gem. Art. 6 Abs. 1 lit. b) DSGVO verarbeitet. Die Angaben der Nutzer k\u00f6nnen in einem Customer-Relationship-Management System (\u201eCRM System\u201c) oder vergleichbarer Anfragenorganisation gespeichert werden. Wir l\u00f6schen die Anfragen, sofern diese nicht mehr erforderlich sind. Wir \u00fcberpr\u00fcfen die Erforderlichkeit alle zwei Jahre. Ferner gelten die gesetzlichen Archivierungspflichten.<\/span><\/pre>\n[\/vc_column_text][\/vc_column][\/vc_row][vc_row][vc_column][vc_column_text]\n<pre><span style=\"font-family: arial, helvetica, sans-serif; font-size: 14px; color: #333333;\"><a style=\"color: #333333;\" href=\"https:\/\/dsgvo-gesetz.de\/\">PDF der Datenschutz-Grundverordnung<\/a><\/span>\r\n<span style=\"font-family: arial, helvetica, sans-serif; font-size: 14px; color: #333333;\">(Stand: Juni 2019)<\/span><\/pre>\n[\/vc_column_text][\/vc_column][\/vc_row]\n","protected":false},"excerpt":{"rendered":"<p>[vc_row][vc_column][vc_column_text]Datenschutzerkl\u00e4rung[\/vc_column_text][\/vc_column][\/vc_row][vc_row][vc_column][vc_column_text] Datenschutzerkl\u00e4rung Die Beachtung der Bestimmungen der Datenschutz-Grundverordnung des Bundesdatenschutzgesetzes ist f\u00fcr uns eine Selbstverst\u00e4ndlichkeit. Unsere technischen und organisatorischen Ma\u00dfnahmen erf\u00fcllen die gesetzl. Datenschutzvorschriften. Bitte lesen Sie unsere Datenschutzerkl\u00e4rung. Personenbezogene Daten Personenbezogene Daten sind Informationen zu Ihrer Identit\u00e4t z.B. Angaben&hellip;<\/p>\n","protected":false},"author":22,"featured_media":0,"parent":0,"menu_order":0,"comment_status":"closed","ping_status":"closed","template":"","meta":[],"yoast_head":"<!-- This site is optimized with the Yoast SEO plugin v15.7 - https:\/\/yoast.com\/wordpress\/plugins\/seo\/ -->\n<title>Datenschutzgrundverordnung - SPACE Aero<\/title>\n<meta name=\"robots\" content=\"index, follow, max-snippet:-1, max-image-preview:large, max-video-preview:-1\" \/>\n<link rel=\"canonical\" href=\"https:\/\/www.space-aero.org\/de\/datenschutzgrundverordnung\/\" \/>\n<meta property=\"og:locale\" content=\"de_DE\" \/>\n<meta property=\"og:type\" content=\"article\" \/>\n<meta property=\"og:title\" content=\"Datenschutzgrundverordnung - SPACE Aero\" \/>\n<meta property=\"og:description\" content=\"[vc_row][vc_column][vc_column_text]Datenschutzerkl\u00e4rung[\/vc_column_text][\/vc_column][\/vc_row][vc_row][vc_column][vc_column_text] Datenschutzerkl\u00e4rung Die Beachtung der Bestimmungen der Datenschutz-Grundverordnung des Bundesdatenschutzgesetzes ist f\u00fcr uns eine Selbstverst\u00e4ndlichkeit. Unsere technischen und organisatorischen Ma\u00dfnahmen erf\u00fcllen die gesetzl. Datenschutzvorschriften. Bitte lesen Sie unsere Datenschutzerkl\u00e4rung. Personenbezogene Daten Personenbezogene Daten sind Informationen zu Ihrer Identit\u00e4t z.B. Angaben&hellip;\" \/>\n<meta property=\"og:url\" content=\"https:\/\/www.space-aero.org\/de\/datenschutzgrundverordnung\/\" \/>\n<meta property=\"og:site_name\" content=\"SPACE Aero\" \/>\n<meta property=\"article:modified_time\" content=\"2021-09-03T07:47:46+00:00\" \/>\n<meta property=\"og:image\" content=\"https:\/\/www.space-aero.org\/wp-content\/uploads\/2018\/07\/photo_home_space-1.jpg\" \/>\n\t<meta property=\"og:image:width\" content=\"2000\" \/>\n\t<meta property=\"og:image:height\" content=\"1329\" \/>\n<meta name=\"twitter:card\" content=\"summary_large_image\" \/>\n<meta name=\"twitter:label1\" content=\"Gesch\u00e4tzte Lesezeit\">\n\t<meta name=\"twitter:data1\" content=\"7 Minuten\">\n<script type=\"application\/ld+json\" class=\"yoast-schema-graph\">{\"@context\":\"https:\/\/schema.org\",\"@graph\":[{\"@type\":\"WebSite\",\"@id\":\"https:\/\/www.space-aero.org\/en\/#website\",\"url\":\"https:\/\/www.space-aero.org\/en\/\",\"name\":\"SPACE Aero\",\"description\":\"Supply chain Progress towards Aeronautical Community Excellence\",\"potentialAction\":[{\"@type\":\"SearchAction\",\"target\":\"https:\/\/www.space-aero.org\/en\/?s={search_term_string}\",\"query-input\":\"required name=search_term_string\"}],\"inLanguage\":\"de-DE\"},{\"@type\":\"WebPage\",\"@id\":\"https:\/\/www.space-aero.org\/de\/datenschutzgrundverordnung\/#webpage\",\"url\":\"https:\/\/www.space-aero.org\/de\/datenschutzgrundverordnung\/\",\"name\":\"Datenschutzgrundverordnung - SPACE Aero\",\"isPartOf\":{\"@id\":\"https:\/\/www.space-aero.org\/en\/#website\"},\"datePublished\":\"2018-12-14T12:56:52+00:00\",\"dateModified\":\"2021-09-03T07:47:46+00:00\",\"breadcrumb\":{\"@id\":\"https:\/\/www.space-aero.org\/de\/datenschutzgrundverordnung\/#breadcrumb\"},\"inLanguage\":\"de-DE\",\"potentialAction\":[{\"@type\":\"ReadAction\",\"target\":[\"https:\/\/www.space-aero.org\/de\/datenschutzgrundverordnung\/\"]}]},{\"@type\":\"BreadcrumbList\",\"@id\":\"https:\/\/www.space-aero.org\/de\/datenschutzgrundverordnung\/#breadcrumb\",\"itemListElement\":[{\"@type\":\"ListItem\",\"position\":1,\"item\":{\"@type\":\"WebPage\",\"@id\":\"https:\/\/www.space-aero.org\/de\/\",\"url\":\"https:\/\/www.space-aero.org\/de\/\",\"name\":\"Home\"}},{\"@type\":\"ListItem\",\"position\":2,\"item\":{\"@type\":\"WebPage\",\"@id\":\"https:\/\/www.space-aero.org\/de\/datenschutzgrundverordnung\/\",\"url\":\"https:\/\/www.space-aero.org\/de\/datenschutzgrundverordnung\/\",\"name\":\"Datenschutzgrundverordnung\"}}]}]}<\/script>\n<!-- \/ Yoast SEO plugin. -->","_links":{"self":[{"href":"https:\/\/www.space-aero.org\/de\/wp-json\/wp\/v2\/pages\/2797"}],"collection":[{"href":"https:\/\/www.space-aero.org\/de\/wp-json\/wp\/v2\/pages"}],"about":[{"href":"https:\/\/www.space-aero.org\/de\/wp-json\/wp\/v2\/types\/page"}],"author":[{"embeddable":true,"href":"https:\/\/www.space-aero.org\/de\/wp-json\/wp\/v2\/users\/22"}],"replies":[{"embeddable":true,"href":"https:\/\/www.space-aero.org\/de\/wp-json\/wp\/v2\/comments?post=2797"}],"version-history":[{"count":9,"href":"https:\/\/www.space-aero.org\/de\/wp-json\/wp\/v2\/pages\/2797\/revisions"}],"predecessor-version":[{"id":10645,"href":"https:\/\/www.space-aero.org\/de\/wp-json\/wp\/v2\/pages\/2797\/revisions\/10645"}],"wp:attachment":[{"href":"https:\/\/www.space-aero.org\/de\/wp-json\/wp\/v2\/media?parent=2797"}],"curies":[{"name":"wp","href":"https:\/\/api.w.org\/{rel}","templated":true}]}}